{"id":152,"date":"2017-03-06T10:59:18","date_gmt":"2017-03-06T08:59:18","guid":{"rendered":"http:\/\/sagliklitoplum.org.tr\/?page_id=152"},"modified":"2017-04-15T12:47:11","modified_gmt":"2017-04-15T09:47:11","slug":"fuarlarimiz","status":"publish","type":"page","link":"http:\/\/sagliklitoplum.org.tr\/en\/fairs\/","title":{"rendered":"Integrated elderly and patient care fair  21-23 September 2018"},"content":{"rendered":"<p>[vc_row][vc_column]<div class=\"td_block_wrap td_block_9 td_uid_1_69f59ac3e01ec_rand td-pb-border-top td_block_template_1\"  data-td-block-uid=\"td_uid_1_69f59ac3e01ec\" ><script>var block_td_uid_1_69f59ac3e01ec = new tdBlock();\nblock_td_uid_1_69f59ac3e01ec.id = \"td_uid_1_69f59ac3e01ec\";\nblock_td_uid_1_69f59ac3e01ec.atts = '{\"limit\":5,\"sort\":\"\",\"post_ids\":\"\",\"tag_slug\":\"\",\"autors_id\":\"\",\"installed_post_types\":\"\",\"category_id\":\"19\",\"category_ids\":\"\",\"custom_title\":\"\",\"custom_url\":\"\",\"show_child_cat\":\"\",\"sub_cat_ajax\":\"\",\"ajax_pagination\":\"\",\"header_color\":\"\",\"header_text_color\":\"\",\"ajax_pagination_infinite_stop\":\"\",\"td_column_number\":1,\"td_ajax_preloading\":\"\",\"td_ajax_filter_type\":\"\",\"td_ajax_filter_ids\":\"\",\"td_filter_default_txt\":\"All\",\"color_preset\":\"\",\"border_top\":\"\",\"class\":\"td_uid_1_69f59ac3e01ec_rand\",\"el_class\":\"\",\"offset\":\"\",\"css\":\"\",\"tdc_css\":\"\",\"tdc_css_class\":\"td_uid_1_69f59ac3e01ec_rand\",\"live_filter\":\"\",\"live_filter_cur_post_id\":\"\",\"live_filter_cur_post_author\":\"\",\"block_template_id\":\"\"}';\nblock_td_uid_1_69f59ac3e01ec.td_column_number = \"1\";\nblock_td_uid_1_69f59ac3e01ec.block_type = \"td_block_9\";\nblock_td_uid_1_69f59ac3e01ec.post_count = \"2\";\nblock_td_uid_1_69f59ac3e01ec.found_posts = \"2\";\nblock_td_uid_1_69f59ac3e01ec.header_color = \"\";\nblock_td_uid_1_69f59ac3e01ec.ajax_pagination_infinite_stop = \"\";\nblock_td_uid_1_69f59ac3e01ec.max_num_pages = \"1\";\ntdBlocksArray.push(block_td_uid_1_69f59ac3e01ec);\n<\/script><div class=\"td-block-title-wrap\"><\/div><div id=td_uid_1_69f59ac3e01ec class=\"td_block_inner\">\n\n\t<div class=\"td-block-span12\">\n\n        <div class=\"td_module_8 td_module_wrap\">\n\n            <div class=\"item-details\">\n                <h3 class=\"entry-title td-module-title\"><a href=\"http:\/\/sagliklitoplum.org.tr\/en\/hayat-boyu-bakim-konferans-ve-fuari\/\" rel=\"bookmark\" title=\"Hayat Boyu Bak\u0131m Konferans Ve Fuar\u0131\">Hayat Boyu Bak\u0131m Konferans Ve Fuar\u0131<\/a><\/h3>\n                <div class=\"td-module-meta-info\">\n                                        <span class=\"td-post-author-name\"><a href=\"http:\/\/sagliklitoplum.org.tr\/en\/author\/skeskin\/\">Sa\u011fl\u0131kl\u0131 Toplum<\/a> <span>-<\/span> <\/span>                    <span class=\"td-post-date\"><time class=\"entry-date updated td-module-date\" datetime=\"2017-03-06T15:04:34+00:00\" >6 March 2017<\/time><\/span>                    <div class=\"td-module-comments\"><a href=\"http:\/\/sagliklitoplum.org.tr\/en\/hayat-boyu-bakim-konferans-ve-fuari\/#respond\">0<\/a><\/div>                <\/div>\n            <\/div>\n\n            \n        <\/div>\n\n        \n\t<\/div> <!-- .\/td-block-span12 -->\n\n\t<div class=\"td-block-span12\">\n\n        <div class=\"td_module_8 td_module_wrap\">\n\n            <div class=\"item-details\">\n                <h3 class=\"entry-title td-module-title\"><a href=\"http:\/\/sagliklitoplum.org.tr\/en\/bakimda-donum-noktasi-2016-istanbul-zirvesi\/\" rel=\"bookmark\" title=\"Bak\u0131mda D\u00f6n\u00fcm Noktas\u0131 2016 \u0130stanbul Zirvesi\">Bak\u0131mda D\u00f6n\u00fcm Noktas\u0131 2016 \u0130stanbul Zirvesi<\/a><\/h3>\n                <div class=\"td-module-meta-info\">\n                                        <span class=\"td-post-author-name\"><a href=\"http:\/\/sagliklitoplum.org.tr\/en\/author\/skeskin\/\">Sa\u011fl\u0131kl\u0131 Toplum<\/a> <span>-<\/span> <\/span>                    <span class=\"td-post-date\"><time class=\"entry-date updated td-module-date\" datetime=\"2017-03-06T15:00:09+00:00\" >6 March 2017<\/time><\/span>                    <div class=\"td-module-comments\"><a href=\"http:\/\/sagliklitoplum.org.tr\/en\/bakimda-donum-noktasi-2016-istanbul-zirvesi\/#respond\">0<\/a><\/div>                <\/div>\n            <\/div>\n\n            \n        <\/div>\n\n        \n\t<\/div> <!-- .\/td-block-span12 --><\/div><\/div> <!-- .\/block -->[\/vc_column][\/vc_row]<\/p>\n","protected":false},"excerpt":{"rendered":"<p>[vc_row][vc_column][\/vc_column][\/vc_row]<\/p>\n","protected":false},"author":1,"featured_media":0,"parent":0,"menu_order":5,"comment_status":"closed","ping_status":"closed","template":"","meta":[],"_links":{"self":[{"href":"http:\/\/sagliklitoplum.org.tr\/en\/wp-json\/wp\/v2\/pages\/152"}],"collection":[{"href":"http:\/\/sagliklitoplum.org.tr\/en\/wp-json\/wp\/v2\/pages"}],"about":[{"href":"http:\/\/sagliklitoplum.org.tr\/en\/wp-json\/wp\/v2\/types\/page"}],"author":[{"embeddable":true,"href":"http:\/\/sagliklitoplum.org.tr\/en\/wp-json\/wp\/v2\/users\/1"}],"replies":[{"embeddable":true,"href":"http:\/\/sagliklitoplum.org.tr\/en\/wp-json\/wp\/v2\/comments?post=152"}],"version-history":[{"count":7,"href":"http:\/\/sagliklitoplum.org.tr\/en\/wp-json\/wp\/v2\/pages\/152\/revisions"}],"predecessor-version":[{"id":1086,"href":"http:\/\/sagliklitoplum.org.tr\/en\/wp-json\/wp\/v2\/pages\/152\/revisions\/1086"}],"wp:attachment":[{"href":"http:\/\/sagliklitoplum.org.tr\/en\/wp-json\/wp\/v2\/media?parent=152"}],"curies":[{"name":"wp","href":"https:\/\/api.w.org\/{rel}","templated":true}]}}